{"id":8185,"date":"2022-06-17T12:16:47","date_gmt":"2022-06-17T10:16:47","guid":{"rendered":"https:\/\/www.modula.eu\/accessori\/accessori-cassetti\/"},"modified":"2022-12-20T14:10:12","modified_gmt":"2022-12-20T14:10:12","slug":"trager","status":"publish","type":"page","link":"https:\/\/www.modula.eu\/de\/zubehor\/trager\/","title":{"rendered":"Zubeh\u00f6r f\u00fcr die Tr\u00e4ger"},"content":{"rendered":"","protected":false},"excerpt":{"rendered":"","protected":false},"author":1,"featured_media":6552,"parent":8125,"menu_order":3,"comment_status":"closed","ping_status":"closed","template":"product-category.php","meta":{"_acf_changed":false,"inline_featured_image":false,"mapsvg_location":"","footnotes":""},"class_list":["post-8185","page","type-page","status-publish","has-post-thumbnail","hentry"],"acf":[],"yoast_head":"<!-- This site is optimized with the Yoast SEO plugin v27.4 - https:\/\/yoast.com\/product\/yoast-seo-wordpress\/ -->\n<title>Tr\u00e4gerzubeh\u00f6r f\u00fcr Automatische Vertikale Lager | Modula<\/title>\n<meta name=\"description\" content=\"Ein ordentlicheres Lager bedeutet nicht nur, die Ware aus herk\u00f6mmlichen Regalen in das automatische Lager von Modula umzusetzen, sondern auch alle Tr\u00e4ger so zu verwalten und zu organisieren, dass die Ware sauber, ordentlich, unterteilt und r\u00fcckverfolgbar ist.\" \/>\n<meta name=\"robots\" content=\"index, follow, max-snippet:-1, max-image-preview:large, max-video-preview:-1\" \/>\n<link rel=\"canonical\" href=\"https:\/\/www.modula.eu\/de\/zubehor\/trager\/\" \/>\n<meta property=\"og:locale\" content=\"de_DE\" \/>\n<meta property=\"og:type\" content=\"article\" \/>\n<meta property=\"og:title\" content=\"Tr\u00e4gerzubeh\u00f6r f\u00fcr Automatische Vertikale Lager | Modula\" \/>\n<meta property=\"og:description\" content=\"Ein ordentlicheres Lager bedeutet nicht nur, die Ware aus herk\u00f6mmlichen Regalen in das automatische Lager von Modula umzusetzen, sondern auch alle Tr\u00e4ger so zu verwalten und zu organisieren, dass die Ware sauber, ordentlich, unterteilt und r\u00fcckverfolgbar ist.\" \/>\n<meta property=\"og:url\" content=\"https:\/\/www.modula.eu\/de\/zubehor\/trager\/\" \/>\n<meta property=\"og:site_name\" content=\"Modula\" \/>\n<meta property=\"article:modified_time\" content=\"2022-12-20T14:10:12+00:00\" \/>\n<meta property=\"og:image\" content=\"https:\/\/www.modula.eu\/wp-content\/uploads\/2022\/09\/accessori-cassetto-1024x683.jpg\" \/>\n\t<meta property=\"og:image:width\" content=\"1024\" \/>\n\t<meta property=\"og:image:height\" content=\"683\" \/>\n\t<meta property=\"og:image:type\" content=\"image\/jpeg\" \/>\n<meta name=\"twitter:card\" content=\"summary_large_image\" \/>\n<script type=\"application\/ld+json\" class=\"yoast-schema-graph\">{\"@context\":\"https:\\\/\\\/schema.org\",\"@graph\":[{\"@type\":\"WebPage\",\"@id\":\"https:\\\/\\\/www.modula.eu\\\/de\\\/zubehor\\\/trager\\\/\",\"url\":\"https:\\\/\\\/www.modula.eu\\\/de\\\/zubehor\\\/trager\\\/\",\"name\":\"Tr\u00e4gerzubeh\u00f6r f\u00fcr Automatische Vertikale Lager | Modula\",\"isPartOf\":{\"@id\":\"https:\\\/\\\/www.modula.eu\\\/de\\\/#website\"},\"primaryImageOfPage\":{\"@id\":\"https:\\\/\\\/www.modula.eu\\\/de\\\/zubehor\\\/trager\\\/#primaryimage\"},\"image\":{\"@id\":\"https:\\\/\\\/www.modula.eu\\\/de\\\/zubehor\\\/trager\\\/#primaryimage\"},\"thumbnailUrl\":\"https:\\\/\\\/www.modula.eu\\\/wp-content\\\/uploads\\\/2022\\\/09\\\/accessori-cassetto.jpg\",\"datePublished\":\"2022-06-17T10:16:47+00:00\",\"dateModified\":\"2022-12-20T14:10:12+00:00\",\"description\":\"Ein ordentlicheres Lager bedeutet nicht nur, die Ware aus herk\u00f6mmlichen Regalen in das automatische Lager von Modula umzusetzen, sondern auch alle Tr\u00e4ger so zu verwalten und zu organisieren, dass die Ware sauber, ordentlich, unterteilt und r\u00fcckverfolgbar ist.\",\"breadcrumb\":{\"@id\":\"https:\\\/\\\/www.modula.eu\\\/de\\\/zubehor\\\/trager\\\/#breadcrumb\"},\"inLanguage\":\"de\",\"potentialAction\":[{\"@type\":\"ReadAction\",\"target\":[\"https:\\\/\\\/www.modula.eu\\\/de\\\/zubehor\\\/trager\\\/\"]}]},{\"@type\":\"ImageObject\",\"inLanguage\":\"de\",\"@id\":\"https:\\\/\\\/www.modula.eu\\\/de\\\/zubehor\\\/trager\\\/#primaryimage\",\"url\":\"https:\\\/\\\/www.modula.eu\\\/wp-content\\\/uploads\\\/2022\\\/09\\\/accessori-cassetto.jpg\",\"contentUrl\":\"https:\\\/\\\/www.modula.eu\\\/wp-content\\\/uploads\\\/2022\\\/09\\\/accessori-cassetto.jpg\",\"width\":2121,\"height\":1414},{\"@type\":\"BreadcrumbList\",\"@id\":\"https:\\\/\\\/www.modula.eu\\\/de\\\/zubehor\\\/trager\\\/#breadcrumb\",\"itemListElement\":[{\"@type\":\"ListItem\",\"position\":1,\"name\":\"Home\",\"item\":\"https:\\\/\\\/www.modula.eu\\\/de\\\/\"},{\"@type\":\"ListItem\",\"position\":2,\"name\":\"Zubeh\u00f6r\",\"item\":\"https:\\\/\\\/www.modula.eu\\\/de\\\/zubehoer\\\/\"},{\"@type\":\"ListItem\",\"position\":3,\"name\":\"Zubeh\u00f6r f\u00fcr die Tr\u00e4ger\"}]},{\"@type\":\"WebSite\",\"@id\":\"https:\\\/\\\/www.modula.eu\\\/de\\\/#website\",\"url\":\"https:\\\/\\\/www.modula.eu\\\/de\\\/\",\"name\":\"Modula\",\"description\":\"Think Vertical\",\"publisher\":{\"@id\":\"https:\\\/\\\/www.modula.eu\\\/de\\\/#organization\"},\"potentialAction\":[{\"@type\":\"SearchAction\",\"target\":{\"@type\":\"EntryPoint\",\"urlTemplate\":\"https:\\\/\\\/www.modula.eu\\\/de\\\/?s={search_term_string}\"},\"query-input\":{\"@type\":\"PropertyValueSpecification\",\"valueRequired\":true,\"valueName\":\"search_term_string\"}}],\"inLanguage\":\"de\"},{\"@type\":\"Organization\",\"@id\":\"https:\\\/\\\/www.modula.eu\\\/de\\\/#organization\",\"name\":\"Modula\",\"url\":\"https:\\\/\\\/www.modula.eu\\\/de\\\/\",\"logo\":{\"@type\":\"ImageObject\",\"inLanguage\":\"de\",\"@id\":\"https:\\\/\\\/www.modula.eu\\\/de\\\/#\\\/schema\\\/logo\\\/image\\\/\",\"url\":\"https:\\\/\\\/www.modula.eu\\\/wp-content\\\/uploads\\\/2022\\\/12\\\/Modula-logo.jpg\",\"contentUrl\":\"https:\\\/\\\/www.modula.eu\\\/wp-content\\\/uploads\\\/2022\\\/12\\\/Modula-logo.jpg\",\"width\":759,\"height\":512,\"caption\":\"Modula\"},\"image\":{\"@id\":\"https:\\\/\\\/www.modula.eu\\\/de\\\/#\\\/schema\\\/logo\\\/image\\\/\"}}]}<\/script>\n<!-- \/ Yoast SEO plugin. -->","yoast_head_json":{"title":"Tr\u00e4gerzubeh\u00f6r f\u00fcr Automatische Vertikale Lager | Modula","description":"Ein ordentlicheres Lager bedeutet nicht nur, die Ware aus herk\u00f6mmlichen Regalen in das automatische Lager von Modula umzusetzen, sondern auch alle Tr\u00e4ger so zu verwalten und zu organisieren, dass die Ware sauber, ordentlich, unterteilt und r\u00fcckverfolgbar ist.","robots":{"index":"index","follow":"follow","max-snippet":"max-snippet:-1","max-image-preview":"max-image-preview:large","max-video-preview":"max-video-preview:-1"},"canonical":"https:\/\/www.modula.eu\/de\/zubehor\/trager\/","og_locale":"de_DE","og_type":"article","og_title":"Tr\u00e4gerzubeh\u00f6r f\u00fcr Automatische Vertikale Lager | Modula","og_description":"Ein ordentlicheres Lager bedeutet nicht nur, die Ware aus herk\u00f6mmlichen Regalen in das automatische Lager von Modula umzusetzen, sondern auch alle Tr\u00e4ger so zu verwalten und zu organisieren, dass die Ware sauber, ordentlich, unterteilt und r\u00fcckverfolgbar ist.","og_url":"https:\/\/www.modula.eu\/de\/zubehor\/trager\/","og_site_name":"Modula","article_modified_time":"2022-12-20T14:10:12+00:00","og_image":[{"width":1024,"height":683,"url":"https:\/\/www.modula.eu\/wp-content\/uploads\/2022\/09\/accessori-cassetto-1024x683.jpg","type":"image\/jpeg"}],"twitter_card":"summary_large_image","schema":{"@context":"https:\/\/schema.org","@graph":[{"@type":"WebPage","@id":"https:\/\/www.modula.eu\/de\/zubehor\/trager\/","url":"https:\/\/www.modula.eu\/de\/zubehor\/trager\/","name":"Tr\u00e4gerzubeh\u00f6r f\u00fcr Automatische Vertikale Lager | Modula","isPartOf":{"@id":"https:\/\/www.modula.eu\/de\/#website"},"primaryImageOfPage":{"@id":"https:\/\/www.modula.eu\/de\/zubehor\/trager\/#primaryimage"},"image":{"@id":"https:\/\/www.modula.eu\/de\/zubehor\/trager\/#primaryimage"},"thumbnailUrl":"https:\/\/www.modula.eu\/wp-content\/uploads\/2022\/09\/accessori-cassetto.jpg","datePublished":"2022-06-17T10:16:47+00:00","dateModified":"2022-12-20T14:10:12+00:00","description":"Ein ordentlicheres Lager bedeutet nicht nur, die Ware aus herk\u00f6mmlichen Regalen in das automatische Lager von Modula umzusetzen, sondern auch alle Tr\u00e4ger so zu verwalten und zu organisieren, dass die Ware sauber, ordentlich, unterteilt und r\u00fcckverfolgbar ist.","breadcrumb":{"@id":"https:\/\/www.modula.eu\/de\/zubehor\/trager\/#breadcrumb"},"inLanguage":"de","potentialAction":[{"@type":"ReadAction","target":["https:\/\/www.modula.eu\/de\/zubehor\/trager\/"]}]},{"@type":"ImageObject","inLanguage":"de","@id":"https:\/\/www.modula.eu\/de\/zubehor\/trager\/#primaryimage","url":"https:\/\/www.modula.eu\/wp-content\/uploads\/2022\/09\/accessori-cassetto.jpg","contentUrl":"https:\/\/www.modula.eu\/wp-content\/uploads\/2022\/09\/accessori-cassetto.jpg","width":2121,"height":1414},{"@type":"BreadcrumbList","@id":"https:\/\/www.modula.eu\/de\/zubehor\/trager\/#breadcrumb","itemListElement":[{"@type":"ListItem","position":1,"name":"Home","item":"https:\/\/www.modula.eu\/de\/"},{"@type":"ListItem","position":2,"name":"Zubeh\u00f6r","item":"https:\/\/www.modula.eu\/de\/zubehoer\/"},{"@type":"ListItem","position":3,"name":"Zubeh\u00f6r f\u00fcr die Tr\u00e4ger"}]},{"@type":"WebSite","@id":"https:\/\/www.modula.eu\/de\/#website","url":"https:\/\/www.modula.eu\/de\/","name":"Modula","description":"Think Vertical","publisher":{"@id":"https:\/\/www.modula.eu\/de\/#organization"},"potentialAction":[{"@type":"SearchAction","target":{"@type":"EntryPoint","urlTemplate":"https:\/\/www.modula.eu\/de\/?s={search_term_string}"},"query-input":{"@type":"PropertyValueSpecification","valueRequired":true,"valueName":"search_term_string"}}],"inLanguage":"de"},{"@type":"Organization","@id":"https:\/\/www.modula.eu\/de\/#organization","name":"Modula","url":"https:\/\/www.modula.eu\/de\/","logo":{"@type":"ImageObject","inLanguage":"de","@id":"https:\/\/www.modula.eu\/de\/#\/schema\/logo\/image\/","url":"https:\/\/www.modula.eu\/wp-content\/uploads\/2022\/12\/Modula-logo.jpg","contentUrl":"https:\/\/www.modula.eu\/wp-content\/uploads\/2022\/12\/Modula-logo.jpg","width":759,"height":512,"caption":"Modula"},"image":{"@id":"https:\/\/www.modula.eu\/de\/#\/schema\/logo\/image\/"}}]}},"_links":{"self":[{"href":"https:\/\/www.modula.eu\/de\/wp-json\/wp\/v2\/pages\/8185","targetHints":{"allow":["GET"]}}],"collection":[{"href":"https:\/\/www.modula.eu\/de\/wp-json\/wp\/v2\/pages"}],"about":[{"href":"https:\/\/www.modula.eu\/de\/wp-json\/wp\/v2\/types\/page"}],"author":[{"embeddable":true,"href":"https:\/\/www.modula.eu\/de\/wp-json\/wp\/v2\/users\/1"}],"replies":[{"embeddable":true,"href":"https:\/\/www.modula.eu\/de\/wp-json\/wp\/v2\/comments?post=8185"}],"version-history":[{"count":0,"href":"https:\/\/www.modula.eu\/de\/wp-json\/wp\/v2\/pages\/8185\/revisions"}],"up":[{"embeddable":true,"href":"https:\/\/www.modula.eu\/de\/wp-json\/wp\/v2\/pages\/8125"}],"wp:featuredmedia":[{"embeddable":true,"href":"https:\/\/www.modula.eu\/de\/wp-json\/wp\/v2\/media\/6552"}],"wp:attachment":[{"href":"https:\/\/www.modula.eu\/de\/wp-json\/wp\/v2\/media?parent=8185"}],"curies":[{"name":"wp","href":"https:\/\/api.w.org\/{rel}","templated":true}]}}