{"id":25480,"date":"2023-09-07T10:40:50","date_gmt":"2023-09-07T08:40:50","guid":{"rendered":"https:\/\/www.modula.eu\/accessoires-supplementaires\/zero-c\/"},"modified":"2025-06-16T15:49:07","modified_gmt":"2025-06-16T13:49:07","slug":"zero-c","status":"publish","type":"page","link":"https:\/\/www.modula.eu\/fr\/accessoires\/accessoires-supplementaires\/zero-c\/","title":{"rendered":"Zero \u00b0C"},"content":{"rendered":"","protected":false},"excerpt":{"rendered":"","protected":false},"author":1,"featured_media":25475,"parent":10397,"menu_order":2,"comment_status":"closed","ping_status":"closed","template":"","meta":{"_acf_changed":false,"inline_featured_image":false,"mapsvg_location":"","footnotes":""},"class_list":["post-25480","page","type-page","status-publish","has-post-thumbnail","hentry"],"acf":[],"yoast_head":"<!-- This site is optimized with the Yoast SEO plugin v28.3 - https:\/\/yoast.com\/product\/yoast-seo-wordpress\/ -->\n<title>Zero \u00b0C : Accessoires Suppl\u00e9mentaires Stockage Automatique | Modula<\/title>\n<meta name=\"description\" content=\"Le dispositif Zero \u00b0C est utilis\u00e9 pour faire fonctionner la machine \u00e0 une temp\u00e9rature de 0 \u00b0C.Il s\u2019agit d\u2019un syst\u00e8me de chauffage pour armoires de commande compos\u00e9 d\u2019un c\u00e2ble chauffant et d\u2019une plaque de support pr\u00e9install\u00e9e \u00e0 l\u2019int\u00e9rieur de l\u2019armoire de commande, qui n\u2019entre en fonction, si n\u00e9cessaire, qu\u2019avant la mise en marche de la machine et pendant le fonctionnement.\" \/>\n<meta name=\"robots\" content=\"index, follow, max-snippet:-1, max-image-preview:large, max-video-preview:-1\" \/>\n<link rel=\"canonical\" href=\"https:\/\/www.modula.eu\/fr\/accessoires\/accessoires-supplementaires\/zero-c\/\" \/>\n<meta property=\"og:locale\" content=\"fr_FR\" \/>\n<meta property=\"og:type\" content=\"article\" \/>\n<meta property=\"og:title\" content=\"Zero \u00b0C : Accessoires Suppl\u00e9mentaires Stockage Automatique | Modula\" \/>\n<meta property=\"og:description\" content=\"Le dispositif Zero \u00b0C est utilis\u00e9 pour faire fonctionner la machine \u00e0 une temp\u00e9rature de 0 \u00b0C.Il s\u2019agit d\u2019un syst\u00e8me de chauffage pour armoires de commande compos\u00e9 d\u2019un c\u00e2ble chauffant et d\u2019une plaque de support pr\u00e9install\u00e9e \u00e0 l\u2019int\u00e9rieur de l\u2019armoire de commande, qui n\u2019entre en fonction, si n\u00e9cessaire, qu\u2019avant la mise en marche de la machine et pendant le fonctionnement.\" \/>\n<meta property=\"og:url\" content=\"https:\/\/www.modula.eu\/fr\/accessoires\/accessoires-supplementaires\/zero-c\/\" \/>\n<meta property=\"og:site_name\" content=\"Modula\" \/>\n<meta property=\"article:modified_time\" content=\"2025-06-16T13:49:07+00:00\" \/>\n<meta property=\"og:image\" content=\"https:\/\/www.modula.eu\/wp-content\/uploads\/2023\/09\/zero-c.jpg\" \/>\n\t<meta property=\"og:image:width\" content=\"800\" \/>\n\t<meta property=\"og:image:height\" content=\"600\" \/>\n\t<meta property=\"og:image:type\" content=\"image\/jpeg\" \/>\n<meta name=\"twitter:card\" content=\"summary_large_image\" \/>\n<script type=\"application\/ld+json\" class=\"yoast-schema-graph\">{\"@context\":\"https:\\\/\\\/schema.org\",\"@graph\":[{\"@type\":\"WebPage\",\"@id\":\"https:\\\/\\\/www.modula.eu\\\/fr\\\/accessoires\\\/accessoires-supplementaires\\\/zero-c\\\/\",\"url\":\"https:\\\/\\\/www.modula.eu\\\/fr\\\/accessoires\\\/accessoires-supplementaires\\\/zero-c\\\/\",\"name\":\"Zero \u00b0C : Accessoires Suppl\u00e9mentaires Stockage Automatique | Modula\",\"isPartOf\":{\"@id\":\"https:\\\/\\\/www.modula.eu\\\/fr\\\/#website\"},\"primaryImageOfPage\":{\"@id\":\"https:\\\/\\\/www.modula.eu\\\/fr\\\/accessoires\\\/accessoires-supplementaires\\\/zero-c\\\/#primaryimage\"},\"image\":{\"@id\":\"https:\\\/\\\/www.modula.eu\\\/fr\\\/accessoires\\\/accessoires-supplementaires\\\/zero-c\\\/#primaryimage\"},\"thumbnailUrl\":\"https:\\\/\\\/www.modula.eu\\\/wp-content\\\/uploads\\\/2023\\\/09\\\/zero-c.jpg\",\"datePublished\":\"2023-09-07T08:40:50+00:00\",\"dateModified\":\"2025-06-16T13:49:07+00:00\",\"description\":\"Le dispositif Zero \u00b0C est utilis\u00e9 pour faire fonctionner la machine \u00e0 une temp\u00e9rature de 0 \u00b0C.Il s\u2019agit d\u2019un syst\u00e8me de chauffage pour armoires de commande compos\u00e9 d\u2019un c\u00e2ble chauffant et d\u2019une plaque de support pr\u00e9install\u00e9e \u00e0 l\u2019int\u00e9rieur de l\u2019armoire de commande, qui n\u2019entre en fonction, si n\u00e9cessaire, qu\u2019avant la mise en marche de la machine et pendant le fonctionnement.\",\"breadcrumb\":{\"@id\":\"https:\\\/\\\/www.modula.eu\\\/fr\\\/accessoires\\\/accessoires-supplementaires\\\/zero-c\\\/#breadcrumb\"},\"inLanguage\":\"fr-FR\",\"potentialAction\":[{\"@type\":\"ReadAction\",\"target\":[\"https:\\\/\\\/www.modula.eu\\\/fr\\\/accessoires\\\/accessoires-supplementaires\\\/zero-c\\\/\"]}]},{\"@type\":\"ImageObject\",\"inLanguage\":\"fr-FR\",\"@id\":\"https:\\\/\\\/www.modula.eu\\\/fr\\\/accessoires\\\/accessoires-supplementaires\\\/zero-c\\\/#primaryimage\",\"url\":\"https:\\\/\\\/www.modula.eu\\\/wp-content\\\/uploads\\\/2023\\\/09\\\/zero-c.jpg\",\"contentUrl\":\"https:\\\/\\\/www.modula.eu\\\/wp-content\\\/uploads\\\/2023\\\/09\\\/zero-c.jpg\",\"width\":800,\"height\":600},{\"@type\":\"BreadcrumbList\",\"@id\":\"https:\\\/\\\/www.modula.eu\\\/fr\\\/accessoires\\\/accessoires-supplementaires\\\/zero-c\\\/#breadcrumb\",\"itemListElement\":[{\"@type\":\"ListItem\",\"position\":1,\"name\":\"Home\",\"item\":\"https:\\\/\\\/www.modula.eu\\\/fr\\\/\"},{\"@type\":\"ListItem\",\"position\":2,\"name\":\"Accessoires\",\"item\":\"https:\\\/\\\/www.modula.eu\\\/fr\\\/accessoires\\\/\"},{\"@type\":\"ListItem\",\"position\":3,\"name\":\"Accessoires suppl\u00e9mentaires\",\"item\":\"https:\\\/\\\/www.modula.eu\\\/fr\\\/accessoires\\\/accessoires-supplementaires\\\/\"},{\"@type\":\"ListItem\",\"position\":4,\"name\":\"Zero \u00b0C\"}]},{\"@type\":\"WebSite\",\"@id\":\"https:\\\/\\\/www.modula.eu\\\/fr\\\/#website\",\"url\":\"https:\\\/\\\/www.modula.eu\\\/fr\\\/\",\"name\":\"Modula S.p.A.\",\"description\":\"Think Vertical\",\"publisher\":{\"@id\":\"https:\\\/\\\/www.modula.eu\\\/fr\\\/#organization\"},\"potentialAction\":[{\"@type\":\"SearchAction\",\"target\":{\"@type\":\"EntryPoint\",\"urlTemplate\":\"https:\\\/\\\/www.modula.eu\\\/fr\\\/?s={search_term_string}\"},\"query-input\":{\"@type\":\"PropertyValueSpecification\",\"valueRequired\":true,\"valueName\":\"search_term_string\"}}],\"inLanguage\":\"fr-FR\"}]}<\/script>\n<!-- \/ Yoast SEO plugin. -->","yoast_head_json":{"title":"Zero \u00b0C : Accessoires Suppl\u00e9mentaires Stockage Automatique | Modula","description":"Le dispositif Zero \u00b0C est utilis\u00e9 pour faire fonctionner la machine \u00e0 une temp\u00e9rature de 0 \u00b0C.Il s\u2019agit d\u2019un syst\u00e8me de chauffage pour armoires de commande compos\u00e9 d\u2019un c\u00e2ble chauffant et d\u2019une plaque de support pr\u00e9install\u00e9e \u00e0 l\u2019int\u00e9rieur de l\u2019armoire de commande, qui n\u2019entre en fonction, si n\u00e9cessaire, qu\u2019avant la mise en marche de la machine et pendant le fonctionnement.","robots":{"index":"index","follow":"follow","max-snippet":"max-snippet:-1","max-image-preview":"max-image-preview:large","max-video-preview":"max-video-preview:-1"},"canonical":"https:\/\/www.modula.eu\/fr\/accessoires\/accessoires-supplementaires\/zero-c\/","og_locale":"fr_FR","og_type":"article","og_title":"Zero \u00b0C : Accessoires Suppl\u00e9mentaires Stockage Automatique | Modula","og_description":"Le dispositif Zero \u00b0C est utilis\u00e9 pour faire fonctionner la machine \u00e0 une temp\u00e9rature de 0 \u00b0C.Il s\u2019agit d\u2019un syst\u00e8me de chauffage pour armoires de commande compos\u00e9 d\u2019un c\u00e2ble chauffant et d\u2019une plaque de support pr\u00e9install\u00e9e \u00e0 l\u2019int\u00e9rieur de l\u2019armoire de commande, qui n\u2019entre en fonction, si n\u00e9cessaire, qu\u2019avant la mise en marche de la machine et pendant le fonctionnement.","og_url":"https:\/\/www.modula.eu\/fr\/accessoires\/accessoires-supplementaires\/zero-c\/","og_site_name":"Modula","article_modified_time":"2025-06-16T13:49:07+00:00","og_image":[{"width":800,"height":600,"url":"https:\/\/www.modula.eu\/wp-content\/uploads\/2023\/09\/zero-c.jpg","type":"image\/jpeg"}],"twitter_card":"summary_large_image","schema":{"@context":"https:\/\/schema.org","@graph":[{"@type":"WebPage","@id":"https:\/\/www.modula.eu\/fr\/accessoires\/accessoires-supplementaires\/zero-c\/","url":"https:\/\/www.modula.eu\/fr\/accessoires\/accessoires-supplementaires\/zero-c\/","name":"Zero \u00b0C : Accessoires Suppl\u00e9mentaires Stockage Automatique | Modula","isPartOf":{"@id":"https:\/\/www.modula.eu\/fr\/#website"},"primaryImageOfPage":{"@id":"https:\/\/www.modula.eu\/fr\/accessoires\/accessoires-supplementaires\/zero-c\/#primaryimage"},"image":{"@id":"https:\/\/www.modula.eu\/fr\/accessoires\/accessoires-supplementaires\/zero-c\/#primaryimage"},"thumbnailUrl":"https:\/\/www.modula.eu\/wp-content\/uploads\/2023\/09\/zero-c.jpg","datePublished":"2023-09-07T08:40:50+00:00","dateModified":"2025-06-16T13:49:07+00:00","description":"Le dispositif Zero \u00b0C est utilis\u00e9 pour faire fonctionner la machine \u00e0 une temp\u00e9rature de 0 \u00b0C.Il s\u2019agit d\u2019un syst\u00e8me de chauffage pour armoires de commande compos\u00e9 d\u2019un c\u00e2ble chauffant et d\u2019une plaque de support pr\u00e9install\u00e9e \u00e0 l\u2019int\u00e9rieur de l\u2019armoire de commande, qui n\u2019entre en fonction, si n\u00e9cessaire, qu\u2019avant la mise en marche de la machine et pendant le fonctionnement.","breadcrumb":{"@id":"https:\/\/www.modula.eu\/fr\/accessoires\/accessoires-supplementaires\/zero-c\/#breadcrumb"},"inLanguage":"fr-FR","potentialAction":[{"@type":"ReadAction","target":["https:\/\/www.modula.eu\/fr\/accessoires\/accessoires-supplementaires\/zero-c\/"]}]},{"@type":"ImageObject","inLanguage":"fr-FR","@id":"https:\/\/www.modula.eu\/fr\/accessoires\/accessoires-supplementaires\/zero-c\/#primaryimage","url":"https:\/\/www.modula.eu\/wp-content\/uploads\/2023\/09\/zero-c.jpg","contentUrl":"https:\/\/www.modula.eu\/wp-content\/uploads\/2023\/09\/zero-c.jpg","width":800,"height":600},{"@type":"BreadcrumbList","@id":"https:\/\/www.modula.eu\/fr\/accessoires\/accessoires-supplementaires\/zero-c\/#breadcrumb","itemListElement":[{"@type":"ListItem","position":1,"name":"Home","item":"https:\/\/www.modula.eu\/fr\/"},{"@type":"ListItem","position":2,"name":"Accessoires","item":"https:\/\/www.modula.eu\/fr\/accessoires\/"},{"@type":"ListItem","position":3,"name":"Accessoires suppl\u00e9mentaires","item":"https:\/\/www.modula.eu\/fr\/accessoires\/accessoires-supplementaires\/"},{"@type":"ListItem","position":4,"name":"Zero \u00b0C"}]},{"@type":"WebSite","@id":"https:\/\/www.modula.eu\/fr\/#website","url":"https:\/\/www.modula.eu\/fr\/","name":"Modula S.p.A.","description":"Think Vertical","publisher":{"@id":"https:\/\/www.modula.eu\/fr\/#organization"},"potentialAction":[{"@type":"SearchAction","target":{"@type":"EntryPoint","urlTemplate":"https:\/\/www.modula.eu\/fr\/?s={search_term_string}"},"query-input":{"@type":"PropertyValueSpecification","valueRequired":true,"valueName":"search_term_string"}}],"inLanguage":"fr-FR"}]}},"permalink_manager":null,"_links":{"self":[{"href":"https:\/\/www.modula.eu\/fr\/wp-json\/wp\/v2\/pages\/25480","targetHints":{"allow":["GET"]}}],"collection":[{"href":"https:\/\/www.modula.eu\/fr\/wp-json\/wp\/v2\/pages"}],"about":[{"href":"https:\/\/www.modula.eu\/fr\/wp-json\/wp\/v2\/types\/page"}],"author":[{"embeddable":true,"href":"https:\/\/www.modula.eu\/fr\/wp-json\/wp\/v2\/users\/1"}],"replies":[{"embeddable":true,"href":"https:\/\/www.modula.eu\/fr\/wp-json\/wp\/v2\/comments?post=25480"}],"version-history":[{"count":0,"href":"https:\/\/www.modula.eu\/fr\/wp-json\/wp\/v2\/pages\/25480\/revisions"}],"up":[{"embeddable":true,"href":"https:\/\/www.modula.eu\/fr\/wp-json\/wp\/v2\/pages\/10397"}],"wp:featuredmedia":[{"embeddable":true,"href":"https:\/\/www.modula.eu\/fr\/wp-json\/wp\/v2\/media\/25475"}],"wp:attachment":[{"href":"https:\/\/www.modula.eu\/fr\/wp-json\/wp\/v2\/media?parent=25480"}],"curies":[{"name":"wp","href":"https:\/\/api.w.org\/{rel}","templated":true}]}}