{"id":26315,"date":"2023-09-14T13:44:50","date_gmt":"2023-09-14T11:44:50","guid":{"rendered":"https:\/\/www.modula.eu\/etudes-de-cas\/automobile\/romana-diesel\/"},"modified":"2024-04-19T14:44:17","modified_gmt":"2024-04-19T12:44:17","slug":"romana-diesel","status":"publish","type":"page","link":"https:\/\/www.modula.eu\/fr\/etudes-de-cas\/automobile\/romana-diesel\/","title":{"rendered":"Romana Diesel"},"content":{"rendered":"","protected":false},"excerpt":{"rendered":"","protected":false},"author":2,"featured_media":25825,"parent":10100,"menu_order":16,"comment_status":"closed","ping_status":"closed","template":"case.php","meta":{"_acf_changed":false,"inline_featured_image":false,"mapsvg_location":"","footnotes":""},"class_list":["post-26315","page","type-page","status-publish","has-post-thumbnail","hentry"],"acf":[],"yoast_head":"<!-- This site is optimized with the Yoast SEO plugin v27.4 - https:\/\/yoast.com\/product\/yoast-seo-wordpress\/ -->\n<title>Romana Diesel: Magasins automatis\u00e9s Modula pour le secteur automobile<\/title>\n<meta name=\"description\" content=\"Avec l\u2019aide du service commercial de Modula, Romana Diesel a d\u00e9cid\u00e9 d\u2019installer 10 syst\u00e8mes de stockage vertical Modula dans son entrep\u00f4t de Rome, dans le cadre de la refonte compl\u00e8te de notre HUB de Rome, en rempla\u00e7ant la structure traditionnelle \u00e0 trois \u00e9tages de 1 800 m\u00e8tres carr\u00e9s par une mezzanine, avec une r\u00e9duction significative de l\u2019encombrement au sol.\" \/>\n<meta name=\"robots\" content=\"index, follow, max-snippet:-1, max-image-preview:large, max-video-preview:-1\" \/>\n<link rel=\"canonical\" href=\"https:\/\/www.modula.eu\/fr\/etudes-de-cas\/automobile\/romana-diesel\/\" \/>\n<meta property=\"og:locale\" content=\"fr_FR\" \/>\n<meta property=\"og:type\" content=\"article\" \/>\n<meta property=\"og:title\" content=\"Romana Diesel: Magasins automatis\u00e9s Modula pour le secteur automobile\" \/>\n<meta property=\"og:description\" content=\"Avec l\u2019aide du service commercial de Modula, Romana Diesel a d\u00e9cid\u00e9 d\u2019installer 10 syst\u00e8mes de stockage vertical Modula dans son entrep\u00f4t de Rome, dans le cadre de la refonte compl\u00e8te de notre HUB de Rome, en rempla\u00e7ant la structure traditionnelle \u00e0 trois \u00e9tages de 1 800 m\u00e8tres carr\u00e9s par une mezzanine, avec une r\u00e9duction significative de l\u2019encombrement au sol.\" \/>\n<meta property=\"og:url\" content=\"https:\/\/www.modula.eu\/fr\/etudes-de-cas\/automobile\/romana-diesel\/\" \/>\n<meta property=\"og:site_name\" content=\"Modula\" \/>\n<meta property=\"article:modified_time\" content=\"2024-04-19T12:44:17+00:00\" \/>\n<meta property=\"og:image\" content=\"https:\/\/www.modula.eu\/wp-content\/uploads\/2023\/09\/romana.jpg\" \/>\n\t<meta property=\"og:image:width\" content=\"800\" \/>\n\t<meta property=\"og:image:height\" content=\"600\" \/>\n\t<meta property=\"og:image:type\" content=\"image\/jpeg\" \/>\n<meta name=\"twitter:card\" content=\"summary_large_image\" \/>\n<script type=\"application\/ld+json\" class=\"yoast-schema-graph\">{\"@context\":\"https:\\\/\\\/schema.org\",\"@graph\":[{\"@type\":\"WebPage\",\"@id\":\"https:\\\/\\\/www.modula.eu\\\/fr\\\/etudes-de-cas\\\/automobile\\\/romana-diesel\\\/\",\"url\":\"https:\\\/\\\/www.modula.eu\\\/fr\\\/etudes-de-cas\\\/automobile\\\/romana-diesel\\\/\",\"name\":\"Romana Diesel: Magasins automatis\u00e9s Modula pour le secteur automobile\",\"isPartOf\":{\"@id\":\"https:\\\/\\\/www.modula.eu\\\/fr\\\/#website\"},\"primaryImageOfPage\":{\"@id\":\"https:\\\/\\\/www.modula.eu\\\/fr\\\/etudes-de-cas\\\/automobile\\\/romana-diesel\\\/#primaryimage\"},\"image\":{\"@id\":\"https:\\\/\\\/www.modula.eu\\\/fr\\\/etudes-de-cas\\\/automobile\\\/romana-diesel\\\/#primaryimage\"},\"thumbnailUrl\":\"https:\\\/\\\/www.modula.eu\\\/wp-content\\\/uploads\\\/2023\\\/09\\\/romana.jpg\",\"datePublished\":\"2023-09-14T11:44:50+00:00\",\"dateModified\":\"2024-04-19T12:44:17+00:00\",\"description\":\"Avec l\u2019aide du service commercial de Modula, Romana Diesel a d\u00e9cid\u00e9 d\u2019installer 10 syst\u00e8mes de stockage vertical Modula dans son entrep\u00f4t de Rome, dans le cadre de la refonte compl\u00e8te de notre HUB de Rome, en rempla\u00e7ant la structure traditionnelle \u00e0 trois \u00e9tages de 1 800 m\u00e8tres carr\u00e9s par une mezzanine, avec une r\u00e9duction significative de l\u2019encombrement au sol.\",\"breadcrumb\":{\"@id\":\"https:\\\/\\\/www.modula.eu\\\/fr\\\/etudes-de-cas\\\/automobile\\\/romana-diesel\\\/#breadcrumb\"},\"inLanguage\":\"fr-FR\",\"potentialAction\":[{\"@type\":\"ReadAction\",\"target\":[\"https:\\\/\\\/www.modula.eu\\\/fr\\\/etudes-de-cas\\\/automobile\\\/romana-diesel\\\/\"]}]},{\"@type\":\"ImageObject\",\"inLanguage\":\"fr-FR\",\"@id\":\"https:\\\/\\\/www.modula.eu\\\/fr\\\/etudes-de-cas\\\/automobile\\\/romana-diesel\\\/#primaryimage\",\"url\":\"https:\\\/\\\/www.modula.eu\\\/wp-content\\\/uploads\\\/2023\\\/09\\\/romana.jpg\",\"contentUrl\":\"https:\\\/\\\/www.modula.eu\\\/wp-content\\\/uploads\\\/2023\\\/09\\\/romana.jpg\",\"width\":800,\"height\":600},{\"@type\":\"BreadcrumbList\",\"@id\":\"https:\\\/\\\/www.modula.eu\\\/fr\\\/etudes-de-cas\\\/automobile\\\/romana-diesel\\\/#breadcrumb\",\"itemListElement\":[{\"@type\":\"ListItem\",\"position\":1,\"name\":\"Home\",\"item\":\"https:\\\/\\\/www.modula.eu\\\/fr\\\/\"},{\"@type\":\"ListItem\",\"position\":2,\"name\":\"\u00c9tudes de Cas\",\"item\":\"https:\\\/\\\/www.modula.eu\\\/fr\\\/etudes-de-cas\\\/\"},{\"@type\":\"ListItem\",\"position\":3,\"name\":\"Automobile\",\"item\":\"https:\\\/\\\/www.modula.eu\\\/fr\\\/etudes-de-cas\\\/automobile\\\/\"},{\"@type\":\"ListItem\",\"position\":4,\"name\":\"Romana Diesel\"}]},{\"@type\":\"WebSite\",\"@id\":\"https:\\\/\\\/www.modula.eu\\\/fr\\\/#website\",\"url\":\"https:\\\/\\\/www.modula.eu\\\/fr\\\/\",\"name\":\"Modula\",\"description\":\"Think Vertical\",\"publisher\":{\"@id\":\"https:\\\/\\\/www.modula.eu\\\/fr\\\/#organization\"},\"potentialAction\":[{\"@type\":\"SearchAction\",\"target\":{\"@type\":\"EntryPoint\",\"urlTemplate\":\"https:\\\/\\\/www.modula.eu\\\/fr\\\/?s={search_term_string}\"},\"query-input\":{\"@type\":\"PropertyValueSpecification\",\"valueRequired\":true,\"valueName\":\"search_term_string\"}}],\"inLanguage\":\"fr-FR\"},{\"@type\":\"Organization\",\"@id\":\"https:\\\/\\\/www.modula.eu\\\/fr\\\/#organization\",\"name\":\"Modula\",\"url\":\"https:\\\/\\\/www.modula.eu\\\/fr\\\/\",\"logo\":{\"@type\":\"ImageObject\",\"inLanguage\":\"fr-FR\",\"@id\":\"https:\\\/\\\/www.modula.eu\\\/fr\\\/#\\\/schema\\\/logo\\\/image\\\/\",\"url\":\"https:\\\/\\\/www.modula.eu\\\/wp-content\\\/uploads\\\/2022\\\/12\\\/Modula-logo.jpg\",\"contentUrl\":\"https:\\\/\\\/www.modula.eu\\\/wp-content\\\/uploads\\\/2022\\\/12\\\/Modula-logo.jpg\",\"width\":759,\"height\":512,\"caption\":\"Modula\"},\"image\":{\"@id\":\"https:\\\/\\\/www.modula.eu\\\/fr\\\/#\\\/schema\\\/logo\\\/image\\\/\"}}]}<\/script>\n<!-- \/ Yoast SEO plugin. -->","yoast_head_json":{"title":"Romana Diesel: Magasins automatis\u00e9s Modula pour le secteur automobile","description":"Avec l\u2019aide du service commercial de Modula, Romana Diesel a d\u00e9cid\u00e9 d\u2019installer 10 syst\u00e8mes de stockage vertical Modula dans son entrep\u00f4t de Rome, dans le cadre de la refonte compl\u00e8te de notre HUB de Rome, en rempla\u00e7ant la structure traditionnelle \u00e0 trois \u00e9tages de 1 800 m\u00e8tres carr\u00e9s par une mezzanine, avec une r\u00e9duction significative de l\u2019encombrement au sol.","robots":{"index":"index","follow":"follow","max-snippet":"max-snippet:-1","max-image-preview":"max-image-preview:large","max-video-preview":"max-video-preview:-1"},"canonical":"https:\/\/www.modula.eu\/fr\/etudes-de-cas\/automobile\/romana-diesel\/","og_locale":"fr_FR","og_type":"article","og_title":"Romana Diesel: Magasins automatis\u00e9s Modula pour le secteur automobile","og_description":"Avec l\u2019aide du service commercial de Modula, Romana Diesel a d\u00e9cid\u00e9 d\u2019installer 10 syst\u00e8mes de stockage vertical Modula dans son entrep\u00f4t de Rome, dans le cadre de la refonte compl\u00e8te de notre HUB de Rome, en rempla\u00e7ant la structure traditionnelle \u00e0 trois \u00e9tages de 1 800 m\u00e8tres carr\u00e9s par une mezzanine, avec une r\u00e9duction significative de l\u2019encombrement au sol.","og_url":"https:\/\/www.modula.eu\/fr\/etudes-de-cas\/automobile\/romana-diesel\/","og_site_name":"Modula","article_modified_time":"2024-04-19T12:44:17+00:00","og_image":[{"width":800,"height":600,"url":"https:\/\/www.modula.eu\/wp-content\/uploads\/2023\/09\/romana.jpg","type":"image\/jpeg"}],"twitter_card":"summary_large_image","schema":{"@context":"https:\/\/schema.org","@graph":[{"@type":"WebPage","@id":"https:\/\/www.modula.eu\/fr\/etudes-de-cas\/automobile\/romana-diesel\/","url":"https:\/\/www.modula.eu\/fr\/etudes-de-cas\/automobile\/romana-diesel\/","name":"Romana Diesel: Magasins automatis\u00e9s Modula pour le secteur automobile","isPartOf":{"@id":"https:\/\/www.modula.eu\/fr\/#website"},"primaryImageOfPage":{"@id":"https:\/\/www.modula.eu\/fr\/etudes-de-cas\/automobile\/romana-diesel\/#primaryimage"},"image":{"@id":"https:\/\/www.modula.eu\/fr\/etudes-de-cas\/automobile\/romana-diesel\/#primaryimage"},"thumbnailUrl":"https:\/\/www.modula.eu\/wp-content\/uploads\/2023\/09\/romana.jpg","datePublished":"2023-09-14T11:44:50+00:00","dateModified":"2024-04-19T12:44:17+00:00","description":"Avec l\u2019aide du service commercial de Modula, Romana Diesel a d\u00e9cid\u00e9 d\u2019installer 10 syst\u00e8mes de stockage vertical Modula dans son entrep\u00f4t de Rome, dans le cadre de la refonte compl\u00e8te de notre HUB de Rome, en rempla\u00e7ant la structure traditionnelle \u00e0 trois \u00e9tages de 1 800 m\u00e8tres carr\u00e9s par une mezzanine, avec une r\u00e9duction significative de l\u2019encombrement au sol.","breadcrumb":{"@id":"https:\/\/www.modula.eu\/fr\/etudes-de-cas\/automobile\/romana-diesel\/#breadcrumb"},"inLanguage":"fr-FR","potentialAction":[{"@type":"ReadAction","target":["https:\/\/www.modula.eu\/fr\/etudes-de-cas\/automobile\/romana-diesel\/"]}]},{"@type":"ImageObject","inLanguage":"fr-FR","@id":"https:\/\/www.modula.eu\/fr\/etudes-de-cas\/automobile\/romana-diesel\/#primaryimage","url":"https:\/\/www.modula.eu\/wp-content\/uploads\/2023\/09\/romana.jpg","contentUrl":"https:\/\/www.modula.eu\/wp-content\/uploads\/2023\/09\/romana.jpg","width":800,"height":600},{"@type":"BreadcrumbList","@id":"https:\/\/www.modula.eu\/fr\/etudes-de-cas\/automobile\/romana-diesel\/#breadcrumb","itemListElement":[{"@type":"ListItem","position":1,"name":"Home","item":"https:\/\/www.modula.eu\/fr\/"},{"@type":"ListItem","position":2,"name":"\u00c9tudes de Cas","item":"https:\/\/www.modula.eu\/fr\/etudes-de-cas\/"},{"@type":"ListItem","position":3,"name":"Automobile","item":"https:\/\/www.modula.eu\/fr\/etudes-de-cas\/automobile\/"},{"@type":"ListItem","position":4,"name":"Romana Diesel"}]},{"@type":"WebSite","@id":"https:\/\/www.modula.eu\/fr\/#website","url":"https:\/\/www.modula.eu\/fr\/","name":"Modula","description":"Think Vertical","publisher":{"@id":"https:\/\/www.modula.eu\/fr\/#organization"},"potentialAction":[{"@type":"SearchAction","target":{"@type":"EntryPoint","urlTemplate":"https:\/\/www.modula.eu\/fr\/?s={search_term_string}"},"query-input":{"@type":"PropertyValueSpecification","valueRequired":true,"valueName":"search_term_string"}}],"inLanguage":"fr-FR"},{"@type":"Organization","@id":"https:\/\/www.modula.eu\/fr\/#organization","name":"Modula","url":"https:\/\/www.modula.eu\/fr\/","logo":{"@type":"ImageObject","inLanguage":"fr-FR","@id":"https:\/\/www.modula.eu\/fr\/#\/schema\/logo\/image\/","url":"https:\/\/www.modula.eu\/wp-content\/uploads\/2022\/12\/Modula-logo.jpg","contentUrl":"https:\/\/www.modula.eu\/wp-content\/uploads\/2022\/12\/Modula-logo.jpg","width":759,"height":512,"caption":"Modula"},"image":{"@id":"https:\/\/www.modula.eu\/fr\/#\/schema\/logo\/image\/"}}]}},"_links":{"self":[{"href":"https:\/\/www.modula.eu\/fr\/wp-json\/wp\/v2\/pages\/26315","targetHints":{"allow":["GET"]}}],"collection":[{"href":"https:\/\/www.modula.eu\/fr\/wp-json\/wp\/v2\/pages"}],"about":[{"href":"https:\/\/www.modula.eu\/fr\/wp-json\/wp\/v2\/types\/page"}],"author":[{"embeddable":true,"href":"https:\/\/www.modula.eu\/fr\/wp-json\/wp\/v2\/users\/2"}],"replies":[{"embeddable":true,"href":"https:\/\/www.modula.eu\/fr\/wp-json\/wp\/v2\/comments?post=26315"}],"version-history":[{"count":0,"href":"https:\/\/www.modula.eu\/fr\/wp-json\/wp\/v2\/pages\/26315\/revisions"}],"up":[{"embeddable":true,"href":"https:\/\/www.modula.eu\/fr\/wp-json\/wp\/v2\/pages\/10100"}],"wp:featuredmedia":[{"embeddable":true,"href":"https:\/\/www.modula.eu\/fr\/wp-json\/wp\/v2\/media\/25825"}],"wp:attachment":[{"href":"https:\/\/www.modula.eu\/fr\/wp-json\/wp\/v2\/media?parent=26315"}],"curies":[{"name":"wp","href":"https:\/\/api.w.org\/{rel}","templated":true}]}}